{"id":3916453,"date":"2023-02-14T06:48:15","date_gmt":"2023-02-14T04:48:15","guid":{"rendered":"https:\/\/www.ssaki.eu\/?page_id=3916453"},"modified":"2023-02-14T06:48:17","modified_gmt":"2023-02-14T04:48:17","slug":"zo-zapisnice-z-10-2-2023","status":"publish","type":"page","link":"https:\/\/www.ssaki.eu\/?page_id=3916453","title":{"rendered":"Zo z\u00e1pisnice z 10.2.2023"},"content":{"rendered":"\n<p><strong>Z\u00e1pisnica zo zasadnutia V\u00fdboru SSAKI a&nbsp;Poradn\u00e9ho zboru hlavn\u00e9ho odborn\u00edka MZ SR 10.2.2023,Bel\u00e1<\/strong><\/p>\n\n\n\n<p><strong>Pr\u00edtomn\u00ed:<\/strong> Hadvabov\u00e1, Hochmuth, Hrubi\u0161ko Jese\u0148\u00e1k, Ko\u0161turiak, Koss\u00e1rov\u00e1, Lap\u0161ansk\u00e1, Mikler, Petriskov\u00e1, Pru\u017einec, Smie\u0161kov\u00e1, Schvalbov\u00e1<\/p>\n\n\n\n<p><strong>Ospravedlnen\u00ed<\/strong>: Hlinka<\/p>\n\n\n\n<p><strong>Nepr\u00edtomn\u00ed: <\/strong>\u010ci\u017en\u00e1r<\/p>\n\n\n\n<ul class=\"wp-block-list\" type=\"I\">\n<li><strong>Otvorenie zasadnutia a zhrnutie \u010dinnosti medzi zasadnutiami (Jese\u0148\u00e1k, Pru\u017einec)<\/strong><\/li>\n\n\n\n<li><strong>Program zasadnutia<\/strong><\/li>\n<\/ul>\n\n\n\n<ol class=\"wp-block-list\" type=\"1\">\n<li><strong>Pr\u00edprava XL. zjazdu SSAKI a&nbsp;\u010cSAKI 18.10.-21.10.2023 &#8211; Grand hotel Bellevue \u2013 Horn\u00fd Smokovec &#8211; Vysok\u00e9 Tatry<\/strong><\/li>\n<\/ol>\n\n\n\n<p><strong>Tvorba odborn\u00e9ho programu:<\/strong><\/p>\n\n\n\n<p>Plen\u00e1rne&nbsp; predn\u00e1\u0161ky 18.10.2023<\/p>\n\n\n\n<ul class=\"wp-block-list\">\n<li>Prof. Zuzana Diamant<\/li>\n\n\n\n<li>Prof. Silvia Pastorekov\u00e1<\/li>\n\n\n\n<li>Prof. Milo\u0161&nbsp; Jese\u0148\u00e1k<\/li>\n\n\n\n<li>Prof. Peter Pru\u017einec<\/li>\n\n\n\n<li>Prof. Petr Panzner ev. niekto za \u010cSAKI<\/li>\n<\/ul>\n\n\n\n<p>Aktualiz\u00e1cia odborn\u00fdch sekci\u00ed, informovali jednotliv\u00ed poveren\u00ed \u010dlenovia v\u00fdboru:<\/p>\n\n\n\n<ul class=\"wp-block-list\">\n<li>40 rokov alerg\u00e9novej imunoterapie (Hrubi\u0161ko)<\/li>\n\n\n\n<li>Imunomodul\u00e1cie (Ko\u0161turiak)<\/li>\n\n\n\n<li>kortikoterapie (Schvalbov\u00e1)<\/li>\n\n\n\n<li>intenz\u00edvnej medic\u00edny (Mikler)<\/li>\n\n\n\n<li>o\u010dkovania (Jese\u0148\u00e1k )<\/li>\n\n\n\n<li>ch\u00fdb a omylov (Pru\u017einec),<\/li>\n\n\n\n<li>diagnostiky a&nbsp;lie\u010dby prim\u00e1rnych imunodeficitov (\u010ci\u017en\u00e1r, Jese\u0148\u00e1k)<\/li>\n\n\n\n<li>v imunologickom laborat\u00f3riu (Petriskov\u00e1)<\/li>\n\n\n\n<li>pe\u013eov\u00e9ho&nbsp; monitoringu (Hochmuth)<\/li>\n\n\n\n<li>liekovej alergie (Smie\u0161kov\u00e1)<\/li>\n<\/ul>\n\n\n\n<p>Sekcia sestier (Hadvabov\u00e1 )<\/p>\n\n\n\n<p>Sekcia mlad\u00fdch imunoalergol\u00f3gov (Kossarov\u00e1)<\/p>\n\n\n\n<p>V\u00fdbor doplnil do okruhov odborn\u00fdch sekci\u00ed blok na t\u00e9mu :<\/p>\n\n\n\n<ul class=\"wp-block-list\">\n<li>40 rokov transplanta\u010dnej imunol\u00f3gie (prof. Mr\u00e1zek, prof. Dedinsk\u00e1, prof. Ilja St\u0159\u00ed\u017e)<\/li>\n\n\n\n<li>40 rokov venom imunoterapie (prof. Hrubi\u0161ko, MUDr. Hochmuth, doc. Ku\u010dera &#8211; oslov\u00ed Hrubi\u0161ko).<\/li>\n<\/ul>\n\n\n\n<p>V\u00fdbor zarad\u00ed do odborn\u00e9ho programu na 19.10. (\u0161tvrtok) paraleln\u00fa tretiu sekciu a &nbsp;samostatn\u00fa komentovan\u00fa posterov\u00fa sekciu formou bloku s&nbsp;kr\u00e1tkymi predn\u00e1\u0161kami v&nbsp;trvan\u00ed 3 min.<\/p>\n\n\n\n<p><strong>T\u00e9ma postgradu\u00e1lu :<\/strong><\/p>\n\n\n\n<p>Imunol\u00f3gia-interdisciplin\u00e1rny odbor<\/p>\n\n\n\n<p>\u010co rob\u00ed imunol\u00f3g pre<\/p>\n\n\n\n<ul class=\"wp-block-list\">\n<li>dermatol\u00f3giu (Pru\u017einec)<\/li>\n\n\n\n<li>otorinolaryngol\u00f3giu (Hrubi\u0161ko)<\/li>\n\n\n\n<li>pneumol\u00f3giu (Ko\u0161turiak)<\/li>\n\n\n\n<li>infektol\u00f3giu (Hochmuth )<\/li>\n\n\n\n<li>ak\u00fatnu medic\u00ednu (Mikler)<\/li>\n\n\n\n<li>neurol\u00f3giu (Smie\u0161kov\u00e1)<\/li>\n\n\n\n<li>kriticky chor\u00e9ho pacienta (Bob\u010d\u00e1kov\u00e1)<\/li>\n\n\n\n<li>pre gastroenterol\u00f3giu (Balkov\u00e1)<\/li>\n\n\n\n<li>reumatol\u00f3giu (Jese\u0148\u00e1k)<\/li>\n\n\n\n<li>gynekol\u00f3giu (Hadvabov\u00e1)<\/li>\n<\/ul>\n\n\n\n<p><strong>Term\u00edny na prihl\u00e1senie sa na :<\/strong><\/p>\n\n\n\n<p>akt\u00edvnu \u00fa\u010das\u0165 do 15.6.2023<\/p>\n\n\n\n<p>pas\u00edvnu \u00fa\u010das\u0165 do 15.9.2023<\/p>\n\n\n\n<p><strong>Kongresov\u00e9 poplatky<\/strong><\/p>\n\n\n\n<p>\u010dlen SSAKI\/\u010cSAKI&nbsp; do 15.9.2023&nbsp;&nbsp;&nbsp;&nbsp;&nbsp;&nbsp;&nbsp;&nbsp;&nbsp;&nbsp;&nbsp;&nbsp;&nbsp;&nbsp;&nbsp;&nbsp;&nbsp;&nbsp;&nbsp;&nbsp;&nbsp;&nbsp;&nbsp;&nbsp;&nbsp;&nbsp;&nbsp;&nbsp;&nbsp;&nbsp;&nbsp;&nbsp;&nbsp;&nbsp;&nbsp;&nbsp;&nbsp;&nbsp;&nbsp;&nbsp;&nbsp;&nbsp;&nbsp;&nbsp; &nbsp;&nbsp;&nbsp;&nbsp;&nbsp;&nbsp; &nbsp;&nbsp;&nbsp;&nbsp;&nbsp;&nbsp;&nbsp;&nbsp;&nbsp;&nbsp;&nbsp;&nbsp;&nbsp;&nbsp;&nbsp;&nbsp;&nbsp;80 EUR<\/p>\n\n\n\n<p>\u010dlen SSAKI\/\u010cSAKI po 15.9.2023 a&nbsp;na mieste&nbsp;&nbsp;&nbsp;&nbsp;&nbsp;&nbsp;&nbsp;&nbsp;&nbsp;&nbsp;&nbsp;&nbsp;&nbsp;&nbsp;&nbsp;&nbsp;&nbsp;&nbsp;&nbsp;&nbsp;&nbsp;&nbsp; &nbsp;&nbsp;&nbsp;&nbsp;&nbsp;&nbsp;&nbsp;&nbsp;&nbsp; &nbsp;&nbsp;&nbsp;&nbsp;&nbsp;&nbsp;&nbsp;&nbsp;&nbsp;&nbsp;&nbsp;&nbsp;&nbsp;&nbsp;&nbsp;&nbsp;120 EUR<\/p>\n\n\n\n<p>ne\u010dlenovia SSAKI\/\u010cSAKI &nbsp;do 15.9.2023&nbsp;&nbsp;&nbsp;&nbsp;&nbsp;&nbsp;&nbsp;&nbsp;&nbsp;&nbsp;&nbsp;&nbsp;&nbsp;&nbsp;&nbsp;&nbsp;&nbsp;&nbsp;&nbsp;&nbsp;&nbsp;&nbsp;&nbsp;&nbsp;&nbsp;&nbsp;&nbsp;&nbsp;&nbsp;&nbsp;&nbsp; &nbsp;&nbsp;&nbsp;&nbsp;&nbsp;&nbsp;&nbsp;&nbsp; &nbsp;&nbsp;&nbsp;&nbsp;&nbsp;&nbsp;&nbsp;&nbsp;&nbsp;&nbsp;&nbsp;&nbsp;&nbsp;&nbsp;&nbsp;&nbsp;&nbsp;100 EUR<\/p>\n\n\n\n<p>ne\u010dlenovia SSAKI\/\u010cSAKI po 15.9.2023 a&nbsp;na mieste &nbsp;&nbsp;&nbsp;&nbsp;&nbsp;&nbsp;&nbsp;&nbsp;&nbsp;&nbsp;&nbsp;&nbsp;&nbsp;&nbsp;&nbsp;&nbsp;&nbsp;&nbsp;&nbsp;&nbsp;&nbsp; &nbsp;&nbsp;&nbsp;&nbsp;&nbsp;&nbsp;&nbsp;&nbsp;&nbsp;&nbsp;&nbsp;&nbsp;&nbsp;&nbsp;&nbsp;&nbsp;&nbsp;&nbsp;130 EUR<\/p>\n\n\n\n<p>1. autor prezent\u00e1cie\/posteru (okrem predn\u00e1\u0161ok podporovan\u00fdch<\/p>\n\n\n\n<p>farmaceutick\u00fdmi firmami)&nbsp; &nbsp;&nbsp;&nbsp;&nbsp; &nbsp;&nbsp;&nbsp;&nbsp;&nbsp;&nbsp;&nbsp;&nbsp;&nbsp;&nbsp;&nbsp;&nbsp;&nbsp;&nbsp;&nbsp;&nbsp;&nbsp;&nbsp;&nbsp;&nbsp;&nbsp;&nbsp;&nbsp;&nbsp;&nbsp;&nbsp;&nbsp;&nbsp;&nbsp;&nbsp;&nbsp;&nbsp;&nbsp;&nbsp;&nbsp;&nbsp;&nbsp;&nbsp;&nbsp;&nbsp;&nbsp;&nbsp;&nbsp;&nbsp;&nbsp;&nbsp;&nbsp;&nbsp;&nbsp;&nbsp;&nbsp;&nbsp;&nbsp;&nbsp;&nbsp;&nbsp;&nbsp;&nbsp;&nbsp;&nbsp;&nbsp;&nbsp;&nbsp;&nbsp;&nbsp;&nbsp;&nbsp;&nbsp;&nbsp;&nbsp;&nbsp;&nbsp;&nbsp;&nbsp;&nbsp;&nbsp;&nbsp;zadarmo<\/p>\n\n\n\n<p>sestra a&nbsp;laborant&nbsp;&nbsp;&nbsp;&nbsp;&nbsp;&nbsp;&nbsp;&nbsp;&nbsp;&nbsp;&nbsp;&nbsp;&nbsp;&nbsp;&nbsp;&nbsp;&nbsp;&nbsp;&nbsp;&nbsp;&nbsp;&nbsp;&nbsp;&nbsp;&nbsp;&nbsp;&nbsp;&nbsp;&nbsp;&nbsp;&nbsp;&nbsp;&nbsp;&nbsp;&nbsp;&nbsp;&nbsp;&nbsp;&nbsp;&nbsp;&nbsp;&nbsp;&nbsp;&nbsp;&nbsp;&nbsp;&nbsp;&nbsp;&nbsp;&nbsp;&nbsp;&nbsp;&nbsp;&nbsp;&nbsp;&nbsp;&nbsp;&nbsp;&nbsp;&nbsp;&nbsp;&nbsp;&nbsp;&nbsp;&nbsp;&nbsp;&nbsp;&nbsp;&nbsp;&nbsp; &nbsp;&nbsp;&nbsp;&nbsp;&nbsp;&nbsp; &nbsp;&nbsp;&nbsp;&nbsp;&nbsp;&nbsp;&nbsp;&nbsp;&nbsp;&nbsp;&nbsp;&nbsp;&nbsp;&nbsp;&nbsp;&nbsp;&nbsp;&nbsp;&nbsp;zadarmo<\/p>\n\n\n\n<p>\u0161tudenti&nbsp;&nbsp;&nbsp;&nbsp;&nbsp;&nbsp;&nbsp;&nbsp;&nbsp;&nbsp;&nbsp;&nbsp;&nbsp;&nbsp;&nbsp;&nbsp;&nbsp;&nbsp;&nbsp;&nbsp;&nbsp;&nbsp;&nbsp;&nbsp;&nbsp;&nbsp;&nbsp;&nbsp;&nbsp;&nbsp;&nbsp;&nbsp;&nbsp;&nbsp;&nbsp;&nbsp;&nbsp;&nbsp;&nbsp;&nbsp;&nbsp;&nbsp;&nbsp;&nbsp;&nbsp;&nbsp;&nbsp;&nbsp;&nbsp;&nbsp;&nbsp;&nbsp;&nbsp; &nbsp;&nbsp;&nbsp;&nbsp;&nbsp;&nbsp;&nbsp;&nbsp;&nbsp;&nbsp;&nbsp;&nbsp;&nbsp;&nbsp;&nbsp;&nbsp;&nbsp;&nbsp;&nbsp;&nbsp;&nbsp;&nbsp;&nbsp;&nbsp;&nbsp;&nbsp;&nbsp;&nbsp;&nbsp;&nbsp;&nbsp;&nbsp;&nbsp;&nbsp;&nbsp;&nbsp;&nbsp; &nbsp;&nbsp;&nbsp;&nbsp;&nbsp;&nbsp;&nbsp;&nbsp;&nbsp;&nbsp;&nbsp;&nbsp;&nbsp;&nbsp;&nbsp;&nbsp;&nbsp;&nbsp;&nbsp;&nbsp;zadarmo<\/p>\n\n\n\n<p>mlad\u00ed imunol\u00f3govia &nbsp;&nbsp;&nbsp;&nbsp;&nbsp;&nbsp;&nbsp;&nbsp;&nbsp;&nbsp;&nbsp;&nbsp;&nbsp;&nbsp;&nbsp;&nbsp;&nbsp;&nbsp;&nbsp;&nbsp;&nbsp;&nbsp;&nbsp;&nbsp;&nbsp;&nbsp;&nbsp;&nbsp;&nbsp;&nbsp;&nbsp;&nbsp;&nbsp;&nbsp;&nbsp;&nbsp;&nbsp;&nbsp;&nbsp;&nbsp;&nbsp;&nbsp;&nbsp;&nbsp;&nbsp;&nbsp;&nbsp;&nbsp;&nbsp;&nbsp;&nbsp;&nbsp;&nbsp;&nbsp;&nbsp;&nbsp;&nbsp;&nbsp;&nbsp;&nbsp;&nbsp;&nbsp;&nbsp;&nbsp;&nbsp;&nbsp;&nbsp;&nbsp;&nbsp;&nbsp;&nbsp;&nbsp; &nbsp;&nbsp;&nbsp;&nbsp;&nbsp;&nbsp;&nbsp;&nbsp;&nbsp;&nbsp;&nbsp;&nbsp;&nbsp;&nbsp;&nbsp;&nbsp;&nbsp;&nbsp;&nbsp;&nbsp;&nbsp;&nbsp;&nbsp;30 EUR<\/p>\n\n\n\n<p>z\u00e1stupcovia nevystavuj\u00facich farmaceutick\u00fdch firiem&nbsp;&nbsp;&nbsp;&nbsp;&nbsp;&nbsp;&nbsp;&nbsp;&nbsp;&nbsp;&nbsp;&nbsp;&nbsp;&nbsp;&nbsp;&nbsp;&nbsp;&nbsp;&nbsp;&nbsp;&nbsp;&nbsp;&nbsp;&nbsp;&nbsp;&nbsp;&nbsp;&nbsp;&nbsp;&nbsp;&nbsp;&nbsp;&nbsp;&nbsp;&nbsp;&nbsp; &nbsp;&nbsp;&nbsp;&nbsp;&nbsp;&nbsp;&nbsp;&nbsp; 200 EUR<\/p>\n\n\n\n<ul class=\"wp-block-list\">\n<li><strong>Term\u00edny odborn\u00fdch akci\u00ed 2023:<\/strong><\/li>\n<\/ul>\n\n\n\n<p>17.-19.3. &nbsp;&nbsp;&nbsp;&nbsp;&nbsp;&nbsp;&nbsp; Burza imunodeficienci\u00ed &#8211; Doma\u0161a- Zelen\u00e1 Lag\u00fana<\/p>\n\n\n\n<p>19.-21.4. &nbsp;&nbsp;&nbsp;&nbsp;&nbsp;&nbsp;&nbsp; Martinsk\u00e9 dni imunol\u00f3gie<\/p>\n\n\n\n<p>26.4. &nbsp;&nbsp;&nbsp;&nbsp;&nbsp;&nbsp;&nbsp;&nbsp;&nbsp;&nbsp;&nbsp;&nbsp;&nbsp; PID day &#8211; Bratislava<\/p>\n\n\n\n<p>11.-13.5.&nbsp;&nbsp;&nbsp;&nbsp;&nbsp;&nbsp;&nbsp;&nbsp; zasadnutie v\u00fdboru \u2013 Fuggerov dvor<\/p>\n\n\n\n<p>9.-11.6.&nbsp;&nbsp;&nbsp;&nbsp;&nbsp;&nbsp;&nbsp;&nbsp;&nbsp;&nbsp; kongres EAACI-Hamburg<\/p>\n\n\n\n<p>18.-19.8.&nbsp;&nbsp;&nbsp;&nbsp;&nbsp;&nbsp;&nbsp;&nbsp; Letn\u00e1 \u0161kola imunol\u00f3gie +zasadnutie v\u00fdboru<\/p>\n\n\n\n<p>18.-21.10.&nbsp;&nbsp;&nbsp;&nbsp;&nbsp;&nbsp; XL. kongres slovensk\u00fdch a&nbsp;\u010desk\u00fdch alergol\u00f3gov a&nbsp;klinick\u00fdch imunol\u00f3gov&nbsp; -Hotel Bellevue, Vysok\u00e9 Tatry<\/p>\n\n\n\n<p>10.-11.11&nbsp;&nbsp;&nbsp;&nbsp;&nbsp;&nbsp;&nbsp; ASL \u2013 workshop &#8211; Martin<\/p>\n\n\n\n<p>24.-25.11.&nbsp;&nbsp;&nbsp;&nbsp;&nbsp;&nbsp; Medif\u00f3rum &#8211; Doln\u00fd Kub\u00edn<\/p>\n\n\n\n<ul class=\"wp-block-list\">\n<li><strong>R\u00f4zne:<\/strong><\/li>\n<\/ul>\n\n\n\n<ul class=\"wp-block-list\">\n<li>aktu\u00e1lne inform\u00e1cie o&nbsp;Martinsk\u00fdch d\u0148och imunol\u00f3gie (Petriskov\u00e1)<\/li>\n\n\n\n<li>v\u00fdbor SSAKI nominoval prof. Petra &nbsp;Pru\u017einca na funkciu hlavn\u00e9ho odborn\u00edka MZ SR pre odbor KIA pre \u010fal\u0161ie funk\u010dn\u00e9 obdobie<\/li>\n\n\n\n<li>v\u00fdbor SSAKI &nbsp;nominoval MUDr. Evu Balkov\u00fa ako z\u00e1stupcu odboru KIA do komisie MZ SR pre DRG<\/li>\n\n\n\n<li>prezistenie aktu\u00e1lnej situ\u00e1cie pl\u00e1novan\u00e9ho v\u00fdkonu na alerg\u00e9nov\u00e1 imunoterapia &nbsp;na MZ SR (Jese\u0148\u00e1k)<\/li>\n\n\n\n<li>SSAKI nebude &nbsp;participova\u0165 na NAS village na kongrese EAACI v&nbsp;Hamburgu<\/li>\n\n\n\n<li>Pracuje sa na akredit\u00e1cii odboru laborat\u00f3rna diagnostika v&nbsp;KIA (laborat\u00f3rny &nbsp;diagnostik, laborant) na JLF UK v Martine<\/li>\n\n\n\n<li>od okt\u00f3bra prebieha pilotn\u00fd projekt na&nbsp; novorodeneck\u00fd skr\u00edning \u0165a\u017ek\u00fdch vroden\u00fdch por\u00fach imunity \u2013 aktu\u00e1lne vy\u0161etren\u00fdch cca 13&nbsp;000 novorodencov s&nbsp;dvomi pozit\u00edvnymi z\u00e1chytmi v&nbsp;\u0161t\u00e1diu dg. &nbsp;<\/li>\n\n\n\n<li>SSAKI a&nbsp;hlavn\u00fd odborn\u00edk MZ SR pre KIA podaj\u00fa n\u00e1vrh na hromadn\u00fd dovoz nekategorizovanej a&nbsp;neregistrovanej monovakc\u00edny proti Hib (potreba pre o\u010dkovanie pacientov po transplant\u00e1cii krvotvorn\u00fdch buniek, po splenekt\u00f3mii \u010di r\u00f4zne formy vroden\u00fdch por\u00fach imunity)<\/li>\n\n\n\n<li>SSAKI bude garantom pre s\u00e9riu webin\u00e1rov O\u010dkovanie (nielen) v&nbsp;\u0161peci\u00e1lnych situ\u00e1ci\u00e1ch, ktor\u00e1 nadv\u00e4zuje na s\u00e9riu O\u010dkovanie proti COVID-19<\/li>\n<\/ul>\n\n\n\n<p>Zap\u00edsala Schvalbov\u00e1<\/p>\n\n\n\n<p>Korigoval Jese\u0148\u00e1k<\/p>\n\r\n","protected":false},"excerpt":{"rendered":"<p>Z\u00e1pisnica zo zasadnutia V\u00fdboru SSAKI a&nbsp;Poradn\u00e9ho zboru hlavn\u00e9ho odborn\u00edka MZ SR 10.2.2023,Bel\u00e1 Pr\u00edtomn\u00ed: Hadvabov\u00e1, Hochmuth, Hrubi\u0161ko Jese\u0148\u00e1k, Ko\u0161turiak, Koss\u00e1rov\u00e1, Lap\u0161ansk\u00e1, Mikler, Petriskov\u00e1, Pru\u017einec, Smie\u0161kov\u00e1, Schvalbov\u00e1 Ospravedlnen\u00ed: Hlinka Nepr\u00edtomn\u00ed: \u010ci\u017en\u00e1r Tvorba odborn\u00e9ho programu: Plen\u00e1rne&nbsp; predn\u00e1\u0161ky&#46;&#46;&#46;<\/p>\n","protected":false},"author":1,"featured_media":0,"parent":0,"menu_order":0,"comment_status":"closed","ping_status":"closed","template":"","meta":{"footnotes":""},"class_list":["post-3916453","page","type-page","status-publish","hentry"],"yoast_head":"<!-- This site is optimized with the Yoast SEO plugin v27.4 - https:\/\/yoast.com\/product\/yoast-seo-wordpress\/ -->\n<title>Zo z\u00e1pisnice z 10.2.2023 - Slovensk\u00e1 spolo\u010dnos\u0165 alergol\u00f3gie a klinickej imunol\u00f3gie<\/title>\n<meta name=\"description\" content=\"Sme odborn\u00e1 splo\u010dnos\u0165, ktor\u00e1 zdru\u017euje klinick\u00fdch imunol\u00f3gov a alergol\u00f3gov, ako aj in\u00fdch odborn\u00edkov so z\u00e1ujmom o tento odbor. Na\u0161a spolo\u010dnos\u0165 je hlavn\u00fdm organiz\u00e1torom kontunu\u00e1lneho vzdel\u00e1vania v tomto odbore na Slovensku.\" \/>\n<meta name=\"robots\" content=\"index, follow, max-snippet:-1, max-image-preview:large, max-video-preview:-1\" \/>\n<link rel=\"canonical\" href=\"https:\/\/www.ssaki.eu\/?page_id=3916453\" \/>\n<meta property=\"og:locale\" content=\"sk_SK\" \/>\n<meta property=\"og:type\" content=\"article\" \/>\n<meta property=\"og:title\" content=\"Zo z\u00e1pisnice z 10.2.2023 - Slovensk\u00e1 spolo\u010dnos\u0165 alergol\u00f3gie a klinickej imunol\u00f3gie\" \/>\n<meta property=\"og:description\" content=\"Sme odborn\u00e1 splo\u010dnos\u0165, ktor\u00e1 zdru\u017euje klinick\u00fdch imunol\u00f3gov a alergol\u00f3gov, ako aj in\u00fdch odborn\u00edkov so z\u00e1ujmom o tento odbor. Na\u0161a spolo\u010dnos\u0165 je hlavn\u00fdm organiz\u00e1torom kontunu\u00e1lneho vzdel\u00e1vania v tomto odbore na Slovensku.\" \/>\n<meta property=\"og:url\" content=\"https:\/\/www.ssaki.eu\/?page_id=3916453\" \/>\n<meta property=\"og:site_name\" content=\"Slovensk\u00e1 spolo\u010dnos\u0165 alergol\u00f3gie a klinickej imunol\u00f3gie\" \/>\n<meta property=\"article:publisher\" content=\"https:\/\/www.facebook.com\/alergologoviaimunologoviaSK\" \/>\n<meta property=\"article:modified_time\" content=\"2023-02-14T04:48:17+00:00\" \/>\n<meta property=\"og:image\" content=\"https:\/\/www.ssaki.eu\/wp-content\/uploads\/2021\/01\/STOP_COVID_SSAKI-e1609772027682.png\" \/>\n\t<meta property=\"og:image:width\" content=\"640\" \/>\n\t<meta property=\"og:image:height\" content=\"360\" \/>\n\t<meta property=\"og:image:type\" content=\"image\/png\" \/>\n<meta name=\"twitter:card\" content=\"summary_large_image\" \/>\n<meta name=\"twitter:label1\" content=\"Predpokladan\u00fd \u010das \u010d\u00edtania\" \/>\n\t<meta name=\"twitter:data1\" content=\"3 min\u00faty\" \/>\n<script type=\"application\/ld+json\" class=\"yoast-schema-graph\">{\"@context\":\"https:\\\/\\\/schema.org\",\"@graph\":[{\"@type\":[\"WebPage\",\"MedicalWebPage\"],\"@id\":\"https:\\\/\\\/www.ssaki.eu\\\/?page_id=3916453\",\"url\":\"https:\\\/\\\/www.ssaki.eu\\\/?page_id=3916453\",\"name\":\"Zo z\u00e1pisnice z 10.2.2023 - Slovensk\u00e1 spolo\u010dnos\u0165 alergol\u00f3gie a klinickej imunol\u00f3gie\",\"isPartOf\":{\"@id\":\"https:\\\/\\\/www.ssaki.eu\\\/#website\"},\"datePublished\":\"2023-02-14T04:48:15+00:00\",\"dateModified\":\"2023-02-14T04:48:17+00:00\",\"description\":\"Sme odborn\u00e1 splo\u010dnos\u0165, ktor\u00e1 zdru\u017euje klinick\u00fdch imunol\u00f3gov a alergol\u00f3gov, ako aj in\u00fdch odborn\u00edkov so z\u00e1ujmom o tento odbor. Na\u0161a spolo\u010dnos\u0165 je hlavn\u00fdm organiz\u00e1torom kontunu\u00e1lneho vzdel\u00e1vania v tomto odbore na Slovensku.\",\"breadcrumb\":{\"@id\":\"https:\\\/\\\/www.ssaki.eu\\\/?page_id=3916453#breadcrumb\"},\"inLanguage\":\"sk-SK\",\"potentialAction\":[{\"@type\":\"ReadAction\",\"target\":[\"https:\\\/\\\/www.ssaki.eu\\\/?page_id=3916453\"]}]},{\"@type\":\"BreadcrumbList\",\"@id\":\"https:\\\/\\\/www.ssaki.eu\\\/?page_id=3916453#breadcrumb\",\"itemListElement\":[{\"@type\":\"ListItem\",\"position\":1,\"name\":\"Domovsk\u00e1 str\u00e1nka\",\"item\":\"https:\\\/\\\/www.ssaki.eu\\\/\"},{\"@type\":\"ListItem\",\"position\":2,\"name\":\"Zo z\u00e1pisnice z 10.2.2023\"}]},{\"@type\":\"WebSite\",\"@id\":\"https:\\\/\\\/www.ssaki.eu\\\/#website\",\"url\":\"https:\\\/\\\/www.ssaki.eu\\\/\",\"name\":\"Slovensk\u00e1 spolo\u010dnos\u0165 alergol\u00f3gie a klinickej imunol\u00f3gie\",\"description\":\"\",\"publisher\":{\"@id\":\"https:\\\/\\\/www.ssaki.eu\\\/#organization\"},\"potentialAction\":[{\"@type\":\"SearchAction\",\"target\":{\"@type\":\"EntryPoint\",\"urlTemplate\":\"https:\\\/\\\/www.ssaki.eu\\\/?s={search_term_string}\"},\"query-input\":{\"@type\":\"PropertyValueSpecification\",\"valueRequired\":true,\"valueName\":\"search_term_string\"}}],\"inLanguage\":\"sk-SK\"},{\"@type\":\"Organization\",\"@id\":\"https:\\\/\\\/www.ssaki.eu\\\/#organization\",\"name\":\"Slovensk\u00e1 spolo\u010dnos\u0165 alergol\u00f3gie a klinickej imunol\u00f3gie\",\"url\":\"https:\\\/\\\/www.ssaki.eu\\\/\",\"logo\":{\"@type\":\"ImageObject\",\"inLanguage\":\"sk-SK\",\"@id\":\"https:\\\/\\\/www.ssaki.eu\\\/#\\\/schema\\\/logo\\\/image\\\/\",\"url\":\"https:\\\/\\\/www.ssaki.eu\\\/wp-content\\\/uploads\\\/2021\\\/01\\\/LOGO-1.png\",\"contentUrl\":\"https:\\\/\\\/www.ssaki.eu\\\/wp-content\\\/uploads\\\/2021\\\/01\\\/LOGO-1.png\",\"width\":1280,\"height\":720,\"caption\":\"Slovensk\u00e1 spolo\u010dnos\u0165 alergol\u00f3gie a klinickej imunol\u00f3gie\"},\"image\":{\"@id\":\"https:\\\/\\\/www.ssaki.eu\\\/#\\\/schema\\\/logo\\\/image\\\/\"},\"sameAs\":[\"https:\\\/\\\/www.facebook.com\\\/alergologoviaimunologoviaSK\"]}]}<\/script>\n<!-- \/ Yoast SEO plugin. -->","yoast_head_json":{"title":"Zo z\u00e1pisnice z 10.2.2023 - Slovensk\u00e1 spolo\u010dnos\u0165 alergol\u00f3gie a klinickej imunol\u00f3gie","description":"Sme odborn\u00e1 splo\u010dnos\u0165, ktor\u00e1 zdru\u017euje klinick\u00fdch imunol\u00f3gov a alergol\u00f3gov, ako aj in\u00fdch odborn\u00edkov so z\u00e1ujmom o tento odbor. Na\u0161a spolo\u010dnos\u0165 je hlavn\u00fdm organiz\u00e1torom kontunu\u00e1lneho vzdel\u00e1vania v tomto odbore na Slovensku.","robots":{"index":"index","follow":"follow","max-snippet":"max-snippet:-1","max-image-preview":"max-image-preview:large","max-video-preview":"max-video-preview:-1"},"canonical":"https:\/\/www.ssaki.eu\/?page_id=3916453","og_locale":"sk_SK","og_type":"article","og_title":"Zo z\u00e1pisnice z 10.2.2023 - Slovensk\u00e1 spolo\u010dnos\u0165 alergol\u00f3gie a klinickej imunol\u00f3gie","og_description":"Sme odborn\u00e1 splo\u010dnos\u0165, ktor\u00e1 zdru\u017euje klinick\u00fdch imunol\u00f3gov a alergol\u00f3gov, ako aj in\u00fdch odborn\u00edkov so z\u00e1ujmom o tento odbor. Na\u0161a spolo\u010dnos\u0165 je hlavn\u00fdm organiz\u00e1torom kontunu\u00e1lneho vzdel\u00e1vania v tomto odbore na Slovensku.","og_url":"https:\/\/www.ssaki.eu\/?page_id=3916453","og_site_name":"Slovensk\u00e1 spolo\u010dnos\u0165 alergol\u00f3gie a klinickej imunol\u00f3gie","article_publisher":"https:\/\/www.facebook.com\/alergologoviaimunologoviaSK","article_modified_time":"2023-02-14T04:48:17+00:00","og_image":[{"width":640,"height":360,"url":"https:\/\/www.ssaki.eu\/wp-content\/uploads\/2021\/01\/STOP_COVID_SSAKI-e1609772027682.png","type":"image\/png"}],"twitter_card":"summary_large_image","twitter_misc":{"Predpokladan\u00fd \u010das \u010d\u00edtania":"3 min\u00faty"},"schema":{"@context":"https:\/\/schema.org","@graph":[{"@type":["WebPage","MedicalWebPage"],"@id":"https:\/\/www.ssaki.eu\/?page_id=3916453","url":"https:\/\/www.ssaki.eu\/?page_id=3916453","name":"Zo z\u00e1pisnice z 10.2.2023 - Slovensk\u00e1 spolo\u010dnos\u0165 alergol\u00f3gie a klinickej imunol\u00f3gie","isPartOf":{"@id":"https:\/\/www.ssaki.eu\/#website"},"datePublished":"2023-02-14T04:48:15+00:00","dateModified":"2023-02-14T04:48:17+00:00","description":"Sme odborn\u00e1 splo\u010dnos\u0165, ktor\u00e1 zdru\u017euje klinick\u00fdch imunol\u00f3gov a alergol\u00f3gov, ako aj in\u00fdch odborn\u00edkov so z\u00e1ujmom o tento odbor. Na\u0161a spolo\u010dnos\u0165 je hlavn\u00fdm organiz\u00e1torom kontunu\u00e1lneho vzdel\u00e1vania v tomto odbore na Slovensku.","breadcrumb":{"@id":"https:\/\/www.ssaki.eu\/?page_id=3916453#breadcrumb"},"inLanguage":"sk-SK","potentialAction":[{"@type":"ReadAction","target":["https:\/\/www.ssaki.eu\/?page_id=3916453"]}]},{"@type":"BreadcrumbList","@id":"https:\/\/www.ssaki.eu\/?page_id=3916453#breadcrumb","itemListElement":[{"@type":"ListItem","position":1,"name":"Domovsk\u00e1 str\u00e1nka","item":"https:\/\/www.ssaki.eu\/"},{"@type":"ListItem","position":2,"name":"Zo z\u00e1pisnice z 10.2.2023"}]},{"@type":"WebSite","@id":"https:\/\/www.ssaki.eu\/#website","url":"https:\/\/www.ssaki.eu\/","name":"Slovensk\u00e1 spolo\u010dnos\u0165 alergol\u00f3gie a klinickej imunol\u00f3gie","description":"","publisher":{"@id":"https:\/\/www.ssaki.eu\/#organization"},"potentialAction":[{"@type":"SearchAction","target":{"@type":"EntryPoint","urlTemplate":"https:\/\/www.ssaki.eu\/?s={search_term_string}"},"query-input":{"@type":"PropertyValueSpecification","valueRequired":true,"valueName":"search_term_string"}}],"inLanguage":"sk-SK"},{"@type":"Organization","@id":"https:\/\/www.ssaki.eu\/#organization","name":"Slovensk\u00e1 spolo\u010dnos\u0165 alergol\u00f3gie a klinickej imunol\u00f3gie","url":"https:\/\/www.ssaki.eu\/","logo":{"@type":"ImageObject","inLanguage":"sk-SK","@id":"https:\/\/www.ssaki.eu\/#\/schema\/logo\/image\/","url":"https:\/\/www.ssaki.eu\/wp-content\/uploads\/2021\/01\/LOGO-1.png","contentUrl":"https:\/\/www.ssaki.eu\/wp-content\/uploads\/2021\/01\/LOGO-1.png","width":1280,"height":720,"caption":"Slovensk\u00e1 spolo\u010dnos\u0165 alergol\u00f3gie a klinickej imunol\u00f3gie"},"image":{"@id":"https:\/\/www.ssaki.eu\/#\/schema\/logo\/image\/"},"sameAs":["https:\/\/www.facebook.com\/alergologoviaimunologoviaSK"]}]}},"_links":{"self":[{"href":"https:\/\/www.ssaki.eu\/index.php?rest_route=\/wp\/v2\/pages\/3916453","targetHints":{"allow":["GET"]}}],"collection":[{"href":"https:\/\/www.ssaki.eu\/index.php?rest_route=\/wp\/v2\/pages"}],"about":[{"href":"https:\/\/www.ssaki.eu\/index.php?rest_route=\/wp\/v2\/types\/page"}],"author":[{"embeddable":true,"href":"https:\/\/www.ssaki.eu\/index.php?rest_route=\/wp\/v2\/users\/1"}],"replies":[{"embeddable":true,"href":"https:\/\/www.ssaki.eu\/index.php?rest_route=%2Fwp%2Fv2%2Fcomments&post=3916453"}],"version-history":[{"count":2,"href":"https:\/\/www.ssaki.eu\/index.php?rest_route=\/wp\/v2\/pages\/3916453\/revisions"}],"predecessor-version":[{"id":3916455,"href":"https:\/\/www.ssaki.eu\/index.php?rest_route=\/wp\/v2\/pages\/3916453\/revisions\/3916455"}],"wp:attachment":[{"href":"https:\/\/www.ssaki.eu\/index.php?rest_route=%2Fwp%2Fv2%2Fmedia&parent=3916453"}],"curies":[{"name":"wp","href":"https:\/\/api.w.org\/{rel}","templated":true}]}}