{"id":3916988,"date":"2025-05-25T23:07:09","date_gmt":"2025-05-25T21:07:09","guid":{"rendered":"https:\/\/www.ssaki.eu\/?page_id=3916988"},"modified":"2025-05-25T23:12:37","modified_gmt":"2025-05-25T21:12:37","slug":"zo-zapisnice-z-23-5-2025","status":"publish","type":"page","link":"https:\/\/www.ssaki.eu\/?page_id=3916988","title":{"rendered":"Zo z\u00e1pisnice z 23.5.2025"},"content":{"rendered":"\n<p><strong>Pr\u00edtomn\u00ed:<\/strong> Balkov\u00e1, Bob\u010d\u00e1kov\u00e1, \u010ci\u017en\u00e1r, Hadvabov\u00e1, Hasi\u010dov\u00e1, Hlinka, Hrubi\u0161ko, Jese\u0148\u00e1k, Ko\u0161turiak, &nbsp;Petriskov\u00e1, Pru\u017einec,&nbsp;Rennerov\u00e1, Smie\u0161kov\u00e1, Schvalbova<\/p>\n\n\n\n<ol style=\"list-style-type:upper-roman\" class=\"wp-block-list\">\n<li><strong>Otvorenie zasadnutia a zhrnutie \u010dinnosti medzi zasadnutiami (Jese\u0148\u00e1k, Pru\u017einec)<\/strong><\/li>\n\n\n\n<li><strong>Program zasadnutia<\/strong><\/li>\n<\/ol>\n\n\n\n<ol class=\"wp-block-list\">\n<li><strong>Pr\u00edprava XLII. zjazdu SSAKI a\u00a0\u010cSAKI 22.10.-25.10.2025 \u2013 Grand hotel\u00a0Bellevue \u2013 Horn\u00fd Smokovec \u2013 Vysok\u00e9 Tatry<\/strong><\/li>\n<\/ol>\n\n\n\n<p>V\u00fdbor SSAKI sa venoval pr\u00edprave odborn\u00e9ho programu kongresu a&nbsp;jeho technicko- organiza\u010dn\u00e9mu zabezpe\u010deniu&nbsp;\u2013 update&nbsp;(informoval Jese\u0148\u00e1k).<\/p>\n\n\n\n<div class=\"wp-block-group is-vertical is-layout-flex wp-container-core-group-is-layout-8cf370e7 wp-block-group-is-layout-flex\">\n<p><strong>T\u00e9ma &nbsp;zjazdu: Medic\u00edna d\u00f4kazov v klinickej imunol\u00f3gii a alergol\u00f3gii<\/strong><\/p>\n\n\n\n<p>Plen\u00e1rne zasadnutie \u2013 streda 22.10. so za\u010diatkom o&nbsp;15:00 hod.<\/p>\n\n\n\n<p><strong>Re\u010dn\u00edci<\/strong>: Szephalusi Zsolt, Panzner Peter, Klempa Boris, Jese\u0148\u00e1k Milo\u0161, Celec Peter.<\/p>\n<\/div>\n\n\n\n<p>Predbe\u017en\u00fd&nbsp; odborn\u00fd program (nezverejnen\u00e9):<\/p>\n\n\n\n<p><strong>Posterov\u00e1\/\u00e9 sekcia\/e<\/strong> formou kr\u00e1tkych 3 min\u00fatov\u00fdch prezent\u00e1ci\u00ed (or\u00e1lna forma \u2013 5 min \u2013 vybran\u00e9 najlep\u0161ie pr\u00edspevky, ktor\u00e9 nebud\u00fa zahrnut\u00e9 do \u0161tandardn\u00fdch blokov) + prezent\u00e1cia pri obrazovke (po\u010det sekci\u00ed pod\u013ea fin\u00e1lneho po\u010dtu prihl\u00e1sen\u00fdch a&nbsp;n\u00e1sledne akceptovan\u00fdch pr\u00edspevkov)<\/p>\n\n\n\n<div class=\"wp-block-group is-vertical is-layout-flex wp-container-core-group-is-layout-8cf370e7 wp-block-group-is-layout-flex\">\n<p><strong>T\u00e9my kongresu :<\/strong><\/p>\n\n\n\n<div class=\"wp-block-group is-vertical is-layout-flex wp-container-core-group-is-layout-8cf370e7 wp-block-group-is-layout-flex\">\n<p>1. Imunoalergol\u00f3gia v&nbsp;dermatol\u00f3gii (Pru\u017einec)<\/p>\n\n\n\n<p>2. Imunomodul\u00e1cia \u2013 imunointerven\u010dn\u00e1 lie\u010dba (Ko\u0161turiak,&nbsp; Schvalbov\u00e1)<\/p>\n\n\n\n<p>3. O\u010dkovanie a&nbsp;prevencia infekci\u00ed (Jese\u0148\u00e1k)<\/p>\n\n\n\n<p>4. Vroden\u00e9 poruchy imunity (\u010ci\u017en\u00e1r, Jese\u0148\u00e1k)<\/p>\n\n\n\n<p>5. Sekund\u00e1rne imunodeficiencie (Balkov\u00e1,&nbsp; Hlinka)<\/p>\n\n\n\n<p>6. Laborat\u00f3rna diagnostika (Petriskov\u00e1)<\/p>\n\n\n\n<p>7. Transplanta\u010dn\u00e1 imunol\u00f3gia (Petriskov\u00e1)<\/p>\n\n\n\n<p>8. Liekov\u00e1 hypersenzitivita (Smie\u0161kov\u00e1. Hlinka)<\/p>\n\n\n\n<p>9. Potravinov\u00e1 alergia (Rennerov\u00e1, Kossarov\u00e1)<\/p>\n\n\n\n<p>10. Sekcia mlad\u00fdch imunoalergol\u00f3gov (Bob\u010d\u00e1kov\u00e1)<\/p>\n\n\n\n<p>11.Posterov\u00e1 sekcia (or\u00e1lna prezent\u00e1cia) (\u010ci\u017en\u00e1r, Hadvabov\u00e1)<\/p>\n\n\n\n<p>Rennerov\u00e1, Hasi\u010dov\u00e1 + pod\u013ea potreby)<\/p>\n\n\n\n<p>12. Sekcia sestier a&nbsp;zdravotn\u00edckych laborantov (Hadvabov\u00e1, Lap\u0161ansk\u00e1)<\/p>\n\n\n\n<p>13. Respira\u010dn\u00e9 alergie (Hrubi\u0161ko, Rennerov\u00e1) \u2013 pozvan\u00e1 Prof.Diamand,<\/p>\n\n\n\n<p>14. Vybran\u00e9 imunologick\u00e9 a&nbsp;alergologick\u00e9 aspekty gravidity (Jese\u0148\u00e1k)<\/p>\n<\/div>\n<\/div>\n\n\n\n<p><strong>\u010cas na prezent\u00e1ciu vo v\u0161eobecnosti 10 min\u00fat, \u010das na diskusiu 5 min\u00fat<\/strong><\/p>\n\n\n\n<p>Prihl\u00e1senie k akt\u00edvnej \u00fa\u010dasti:&nbsp; do 30.6.2025<\/p>\n\n\n\n<div class=\"wp-block-group is-vertical is-layout-flex wp-container-core-group-is-layout-8cf370e7 wp-block-group-is-layout-flex\">\n<p><strong>T\u00e9ma postgradu\u00e1lu:&nbsp; Aktu\u00e1lne&nbsp; odpor\u00fa\u010dania a&nbsp;smernice&nbsp; v&nbsp;klinickej imunol\u00f3gii a&nbsp;alergol\u00f3gii<\/strong><\/p>\n\n\n\n<p>T\u00e9my: astma (Hrubi\u0161ko), HEA (Bob\u010d\u00e1kov\u00e1), CSU (Smie\u0161kov\u00e1), PID (\u010ci\u017en\u00e1r), alergick\u00e1 rhinit\u00edda (Schvalbov\u00e1), atopick\u00e1 dermatit\u00edda (Hadvabov\u00e1), o\u010dkovanie (Jese\u0148\u00e1k), AI (Ko\u0161turiak)<\/p>\n<\/div>\n\n\n\n<ul class=\"wp-block-list\">\n<li>Je spusten\u00e1 str\u00e1nka kongresu na registr\u00e1ciu \u2013 odkaz je na str\u00e1nke ssaki.eu: <strong><a href=\"https:\/\/events.amedi.sk\/sk\/podujatie\/704\/page\/11012\">https:\/\/events.amedi.sk\/sk\/podujatie\/704\/page\/11012<\/a><\/strong><\/li>\n\n\n\n<li>A-medi a\u00a0prezident SSAKI oslov\u00ed v\u00fdbory SSAKI a \u010cSAKI na registr\u00e1ciu<\/li>\n\n\n\n<li>Je potrebn\u00e9 sa zaregistrova\u0165 sa cez dan\u00fd link aj pre \u010dlenov v\u00fdboru SSAKI<\/li>\n<\/ul>\n\n\n\n<div class=\"wp-block-group is-vertical is-layout-flex wp-container-core-group-is-layout-8cf370e7 wp-block-group-is-layout-flex\">\n<p><strong>2. R\u00f4zne<\/strong><\/p>\n\n\n\n<ul class=\"wp-block-list\">\n<li>Prebehlo stretnutie v\u00a0Krakowe a\u00a0n\u00e1sledne online meeting \u2013 Stredn\u00e1 a\u00a0v\u00fdchodn\u00e1 Eur\u00f3pa pre klinick\u00fa imunol\u00f3giu a\u00a0alergol\u00f3giu (v Krakowe zastupovala E. Balkov\u00e1, online M. Jese\u0148\u00e1k) \u2013 sledujeme \u010fal\u0161ie aktivity v\u00a0r\u00e1mci projektu<\/li>\n\n\n\n<li>Poda\u0165 \u017eiados\u0165 o\u00a0zmenu IO kombin\u00e1cie ICS\/LABA na MZ SR (ope\u010diatkovan\u00e9 pe\u010diatkou v\u00fdboru SSAKI) (Hrubi\u0161ko) \u2013 dnes podp\u00edsan\u00e9 Prof.Jese\u0148\u00e1kom a\u00a0Prof.Pru\u017eincom<\/li>\n\n\n\n<li>V\u00fdbor vyd\u00e1 na str\u00e1nke ssaki.eu stanovisko k\u00a0Pandemickej zmluve a\u00a0odmietnutie zo strany Slovenska<\/li>\n\n\n\n<li>v\u00fdbor priprav\u00ed stanovisko k\u00a0Vyhl\u00e1\u0161ke o\u00a0stanoven\u00ed prahovej hodnoty posudzovania lieku a\u00a0zverejn\u00ed ho na str\u00e1nke <a href=\"http:\/\/www.ssaki.eu\">www.ssaki.eu<\/a> \u2013 term\u00edn ASAP, zodpovedn\u00ed: Schvalbov\u00e1, Pru\u017einec<\/li>\n\n\n\n<li>Pr\u00edprava listu na MZ so \u017eiados\u0165ou na\u00a0 za\u010datie procesu\u00a0 \u00fahradu pumpy ako zdravotn\u00edckej pom\u00f4cky (zaradenie do kateg\u00f3rie hraden\u00fdch zdravotn\u00edckych pom\u00f4cok) na aplik\u00e1ciu SCIg \u00a0(\u010ci\u017en\u00e1r)<\/li>\n\n\n\n<li>Nov\u00e9 IO laborat. v\u00fdkonov pre ZP D\u00f4vera od 15.5.2025<\/li>\n\n\n\n<li>Bude prejedn\u00e1van\u00fd sp\u00f4sob \u00fahrady Epipenu na kategoriza\u010dnej komisii MZ SR<\/li>\n<\/ul>\n<\/div>\n\n\n\n<div class=\"wp-block-group\"><div class=\"wp-block-group__inner-container is-layout-constrained wp-block-group-is-layout-constrained\">\n<div class=\"wp-block-group\"><div class=\"wp-block-group__inner-container is-layout-constrained wp-block-group-is-layout-constrained\">\n<div class=\"wp-block-group is-vertical is-layout-flex wp-container-core-group-is-layout-8cf370e7 wp-block-group-is-layout-flex\">\n<p><strong>3. Term\u00edny odborn\u00fdch podujat\u00ed na rok 2025:<\/strong><\/p>\n\n\n\n<div class=\"wp-block-group is-vertical is-layout-flex wp-container-core-group-is-layout-8cf370e7 wp-block-group-is-layout-flex\">\n<div class=\"wp-block-group is-vertical is-layout-flex wp-container-core-group-is-layout-8cf370e7 wp-block-group-is-layout-flex\">\n<p>30.5. &#8211; 31.5.&nbsp;&nbsp;&nbsp;&nbsp; XXVIII. Ro\u017enovsk\u00e9 dny alergologie a&nbsp;klinick\u00e9 imunologie<\/p>\n\n\n\n<p>13.6. &#8211; 16.6.&nbsp;&nbsp;&nbsp;&nbsp; EAACI Congress \u2013 Glasgow, \u0160k\u00f3tsko<\/p>\n\n\n\n<p>7.8. &#8211; 9.8.&nbsp;&nbsp;&nbsp;&nbsp;&nbsp;&nbsp;&nbsp;&nbsp; Letn\u00e1 \u0161kola imunol\u00f3gie \u2013 Malat\u00edny + zasadnutie V\u00fdboru SSAKI<\/p>\n\n\n\n<p>5.9. &#8211; 6.9.&nbsp;&nbsp;&nbsp;&nbsp;&nbsp;&nbsp;&nbsp;&nbsp; Symp\u00f3zium ALK \u2013 T\u00e1le<\/p>\n\n\n\n<p>19.9. &#8211; 20.9.&nbsp;&nbsp;&nbsp;&nbsp; AIT f\u00f3rum \u2013 Donovaly<\/p>\n\n\n\n<p>27.9. &#8211; 30.9.&nbsp;&nbsp;&nbsp;&nbsp; ERS \u2013 Amsterdam<\/p>\n\n\n\n<p>22.10. &#8211; 25.10.&nbsp;&nbsp;&nbsp;&nbsp;&nbsp; XLII. kongres SSAKI a&nbsp;\u010cSAKI \u2013 Vysok\u00e9 Tatry<\/p>\n\n\n\n<p>7.11. &#8211; 8.11.&nbsp;&nbsp;&nbsp;&nbsp;&nbsp;&nbsp;&nbsp;&nbsp;&nbsp; Medif\u00f3rum \u2013 Doln\u00fd Kub\u00edn<\/p>\n\n\n\n<p>27.11. &#8211; 28.11. &nbsp;&nbsp;&nbsp;&nbsp; F\u00f3rum imunodeficienci\u00ed \u2013 Ko\u0161ice<\/p>\n\n\n\n<p>4.12.-5.12.&nbsp;&nbsp;&nbsp;&nbsp;&nbsp;&nbsp; &nbsp;&nbsp;&nbsp;&nbsp; Zasadnutie V\u00fdboru SSAKI<\/p>\n<\/div>\n<\/div>\n<\/div>\n<\/div><\/div>\n<\/div><\/div>\n\n\n\n<div class=\"wp-block-group\"><div class=\"wp-block-group__inner-container is-layout-constrained wp-block-group-is-layout-constrained\">\n<div class=\"wp-block-group is-vertical is-layout-flex wp-container-core-group-is-layout-8cf370e7 wp-block-group-is-layout-flex\">\n<p><strong>4. Term\u00edny odborn\u00fdch podujat\u00ed na rok 2026:<\/strong><\/p>\n\n\n\n<div class=\"wp-block-group is-vertical is-layout-flex wp-container-core-group-is-layout-8cf370e7 wp-block-group-is-layout-flex\">\n<p>15.4. &#8211; 17.4. 2026&nbsp;???&nbsp;Martinsk\u00e9 dni imunol\u00f3gie \u2013 Martin<\/p>\n\n\n\n<p>15.4. \u2013 17.4.2026&nbsp;&nbsp;&nbsp;&nbsp;&nbsp;&nbsp;&nbsp; MESIA &#8211; \u013dub\u013eana<\/p>\n\n\n\n<p>13.3. &#8211; 14.3.2026&nbsp;&nbsp;&nbsp;&nbsp;&nbsp;&nbsp;&nbsp;&nbsp; Workshop v&nbsp;odbore KIA &#8211; Martin<\/p>\n\n\n\n<p>20.3. &#8211; 21.3.2026&nbsp;&nbsp;&nbsp;&nbsp;&nbsp;&nbsp;&nbsp;&nbsp; Burza imunodeficienci\u00ed (miesto TBD)<\/p>\n\n\n\n<p>29.4.2026&nbsp;&nbsp;&nbsp;&nbsp;&nbsp;&nbsp;&nbsp;&nbsp;&nbsp;&nbsp;&nbsp;&nbsp;&nbsp;&nbsp;&nbsp;&nbsp;&nbsp;&nbsp;&nbsp;&nbsp;&nbsp; Symp\u00f3zium o PID<\/p>\n<\/div>\n<\/div>\n<\/div><\/div>\n\n\n\n<div class=\"wp-block-group is-vertical is-layout-flex wp-container-core-group-is-layout-8cf370e7 wp-block-group-is-layout-flex\">\n<p>Zap\u00edsala:&nbsp; &nbsp;&nbsp;&nbsp;&nbsp;&nbsp;&nbsp;&nbsp; S. Hadvabov\u00e1<\/p>\n\n\n\n<p>Korigoval: &nbsp;&nbsp;&nbsp;&nbsp;&nbsp;&nbsp; M. Jese\u0148\u00e1k<\/p>\n<\/div>\n\n\n\n<p><\/p>\n","protected":false},"excerpt":{"rendered":"<p>Pr\u00edtomn\u00ed: Balkov\u00e1, Bob\u010d\u00e1kov\u00e1, \u010ci\u017en\u00e1r, Hadvabov\u00e1, Hasi\u010dov\u00e1, Hlinka, Hrubi\u0161ko, Jese\u0148\u00e1k, Ko\u0161turiak, &nbsp;Petriskov\u00e1, Pru\u017einec,&nbsp;Rennerov\u00e1, Smie\u0161kov\u00e1, Schvalbova V\u00fdbor SSAKI sa venoval pr\u00edprave odborn\u00e9ho programu kongresu a&nbsp;jeho technicko- organiza\u010dn\u00e9mu zabezpe\u010deniu&nbsp;\u2013 update&nbsp;(informoval Jese\u0148\u00e1k). T\u00e9ma &nbsp;zjazdu: Medic\u00edna d\u00f4kazov v klinickej&#46;&#46;&#46;<\/p>\n","protected":false},"author":1,"featured_media":0,"parent":0,"menu_order":0,"comment_status":"closed","ping_status":"closed","template":"","meta":{"footnotes":""},"class_list":["post-3916988","page","type-page","status-publish","hentry"],"yoast_head":"<!-- This site is optimized with the Yoast SEO plugin v27.4 - https:\/\/yoast.com\/product\/yoast-seo-wordpress\/ -->\n<title>Zo z\u00e1pisnice z 23.5.2025 - Slovensk\u00e1 spolo\u010dnos\u0165 alergol\u00f3gie a klinickej imunol\u00f3gie<\/title>\n<meta name=\"description\" content=\"Sme odborn\u00e1 splo\u010dnos\u0165, ktor\u00e1 zdru\u017euje klinick\u00fdch imunol\u00f3gov a alergol\u00f3gov, ako aj in\u00fdch odborn\u00edkov so z\u00e1ujmom o tento odbor. Na\u0161a spolo\u010dnos\u0165 je hlavn\u00fdm organiz\u00e1torom kontunu\u00e1lneho vzdel\u00e1vania v tomto odbore na Slovensku.\" \/>\n<meta name=\"robots\" content=\"index, follow, max-snippet:-1, max-image-preview:large, max-video-preview:-1\" \/>\n<link rel=\"canonical\" href=\"https:\/\/www.ssaki.eu\/?page_id=3916988\" \/>\n<meta property=\"og:locale\" content=\"sk_SK\" \/>\n<meta property=\"og:type\" content=\"article\" \/>\n<meta property=\"og:title\" content=\"Zo z\u00e1pisnice z 23.5.2025 - Slovensk\u00e1 spolo\u010dnos\u0165 alergol\u00f3gie a klinickej imunol\u00f3gie\" \/>\n<meta property=\"og:description\" content=\"Sme odborn\u00e1 splo\u010dnos\u0165, ktor\u00e1 zdru\u017euje klinick\u00fdch imunol\u00f3gov a alergol\u00f3gov, ako aj in\u00fdch odborn\u00edkov so z\u00e1ujmom o tento odbor. Na\u0161a spolo\u010dnos\u0165 je hlavn\u00fdm organiz\u00e1torom kontunu\u00e1lneho vzdel\u00e1vania v tomto odbore na Slovensku.\" \/>\n<meta property=\"og:url\" content=\"https:\/\/www.ssaki.eu\/?page_id=3916988\" \/>\n<meta property=\"og:site_name\" content=\"Slovensk\u00e1 spolo\u010dnos\u0165 alergol\u00f3gie a klinickej imunol\u00f3gie\" \/>\n<meta property=\"article:publisher\" content=\"https:\/\/www.facebook.com\/alergologoviaimunologoviaSK\" \/>\n<meta property=\"article:modified_time\" content=\"2025-05-25T21:12:37+00:00\" \/>\n<meta property=\"og:image\" content=\"https:\/\/www.ssaki.eu\/wp-content\/uploads\/2021\/01\/STOP_COVID_SSAKI-e1609772027682.png\" \/>\n\t<meta property=\"og:image:width\" content=\"640\" \/>\n\t<meta property=\"og:image:height\" content=\"360\" \/>\n\t<meta property=\"og:image:type\" content=\"image\/png\" \/>\n<meta name=\"twitter:card\" content=\"summary_large_image\" \/>\n<meta name=\"twitter:label1\" content=\"Predpokladan\u00fd \u010das \u010d\u00edtania\" \/>\n\t<meta name=\"twitter:data1\" content=\"3 min\u00faty\" \/>\n<script type=\"application\/ld+json\" class=\"yoast-schema-graph\">{\"@context\":\"https:\\\/\\\/schema.org\",\"@graph\":[{\"@type\":[\"WebPage\",\"MedicalWebPage\"],\"@id\":\"https:\\\/\\\/www.ssaki.eu\\\/?page_id=3916988\",\"url\":\"https:\\\/\\\/www.ssaki.eu\\\/?page_id=3916988\",\"name\":\"Zo z\u00e1pisnice z 23.5.2025 - Slovensk\u00e1 spolo\u010dnos\u0165 alergol\u00f3gie a klinickej imunol\u00f3gie\",\"isPartOf\":{\"@id\":\"https:\\\/\\\/www.ssaki.eu\\\/#website\"},\"datePublished\":\"2025-05-25T21:07:09+00:00\",\"dateModified\":\"2025-05-25T21:12:37+00:00\",\"description\":\"Sme odborn\u00e1 splo\u010dnos\u0165, ktor\u00e1 zdru\u017euje klinick\u00fdch imunol\u00f3gov a alergol\u00f3gov, ako aj in\u00fdch odborn\u00edkov so z\u00e1ujmom o tento odbor. Na\u0161a spolo\u010dnos\u0165 je hlavn\u00fdm organiz\u00e1torom kontunu\u00e1lneho vzdel\u00e1vania v tomto odbore na Slovensku.\",\"breadcrumb\":{\"@id\":\"https:\\\/\\\/www.ssaki.eu\\\/?page_id=3916988#breadcrumb\"},\"inLanguage\":\"sk-SK\",\"potentialAction\":[{\"@type\":\"ReadAction\",\"target\":[\"https:\\\/\\\/www.ssaki.eu\\\/?page_id=3916988\"]}]},{\"@type\":\"BreadcrumbList\",\"@id\":\"https:\\\/\\\/www.ssaki.eu\\\/?page_id=3916988#breadcrumb\",\"itemListElement\":[{\"@type\":\"ListItem\",\"position\":1,\"name\":\"Domovsk\u00e1 str\u00e1nka\",\"item\":\"https:\\\/\\\/www.ssaki.eu\\\/\"},{\"@type\":\"ListItem\",\"position\":2,\"name\":\"Zo z\u00e1pisnice z 23.5.2025\"}]},{\"@type\":\"WebSite\",\"@id\":\"https:\\\/\\\/www.ssaki.eu\\\/#website\",\"url\":\"https:\\\/\\\/www.ssaki.eu\\\/\",\"name\":\"Slovensk\u00e1 spolo\u010dnos\u0165 alergol\u00f3gie a klinickej imunol\u00f3gie\",\"description\":\"\",\"publisher\":{\"@id\":\"https:\\\/\\\/www.ssaki.eu\\\/#organization\"},\"potentialAction\":[{\"@type\":\"SearchAction\",\"target\":{\"@type\":\"EntryPoint\",\"urlTemplate\":\"https:\\\/\\\/www.ssaki.eu\\\/?s={search_term_string}\"},\"query-input\":{\"@type\":\"PropertyValueSpecification\",\"valueRequired\":true,\"valueName\":\"search_term_string\"}}],\"inLanguage\":\"sk-SK\"},{\"@type\":\"Organization\",\"@id\":\"https:\\\/\\\/www.ssaki.eu\\\/#organization\",\"name\":\"Slovensk\u00e1 spolo\u010dnos\u0165 alergol\u00f3gie a klinickej imunol\u00f3gie\",\"url\":\"https:\\\/\\\/www.ssaki.eu\\\/\",\"logo\":{\"@type\":\"ImageObject\",\"inLanguage\":\"sk-SK\",\"@id\":\"https:\\\/\\\/www.ssaki.eu\\\/#\\\/schema\\\/logo\\\/image\\\/\",\"url\":\"https:\\\/\\\/www.ssaki.eu\\\/wp-content\\\/uploads\\\/2021\\\/01\\\/LOGO-1.png\",\"contentUrl\":\"https:\\\/\\\/www.ssaki.eu\\\/wp-content\\\/uploads\\\/2021\\\/01\\\/LOGO-1.png\",\"width\":1280,\"height\":720,\"caption\":\"Slovensk\u00e1 spolo\u010dnos\u0165 alergol\u00f3gie a klinickej imunol\u00f3gie\"},\"image\":{\"@id\":\"https:\\\/\\\/www.ssaki.eu\\\/#\\\/schema\\\/logo\\\/image\\\/\"},\"sameAs\":[\"https:\\\/\\\/www.facebook.com\\\/alergologoviaimunologoviaSK\"]}]}<\/script>\n<!-- \/ Yoast SEO plugin. -->","yoast_head_json":{"title":"Zo z\u00e1pisnice z 23.5.2025 - Slovensk\u00e1 spolo\u010dnos\u0165 alergol\u00f3gie a klinickej imunol\u00f3gie","description":"Sme odborn\u00e1 splo\u010dnos\u0165, ktor\u00e1 zdru\u017euje klinick\u00fdch imunol\u00f3gov a alergol\u00f3gov, ako aj in\u00fdch odborn\u00edkov so z\u00e1ujmom o tento odbor. Na\u0161a spolo\u010dnos\u0165 je hlavn\u00fdm organiz\u00e1torom kontunu\u00e1lneho vzdel\u00e1vania v tomto odbore na Slovensku.","robots":{"index":"index","follow":"follow","max-snippet":"max-snippet:-1","max-image-preview":"max-image-preview:large","max-video-preview":"max-video-preview:-1"},"canonical":"https:\/\/www.ssaki.eu\/?page_id=3916988","og_locale":"sk_SK","og_type":"article","og_title":"Zo z\u00e1pisnice z 23.5.2025 - Slovensk\u00e1 spolo\u010dnos\u0165 alergol\u00f3gie a klinickej imunol\u00f3gie","og_description":"Sme odborn\u00e1 splo\u010dnos\u0165, ktor\u00e1 zdru\u017euje klinick\u00fdch imunol\u00f3gov a alergol\u00f3gov, ako aj in\u00fdch odborn\u00edkov so z\u00e1ujmom o tento odbor. Na\u0161a spolo\u010dnos\u0165 je hlavn\u00fdm organiz\u00e1torom kontunu\u00e1lneho vzdel\u00e1vania v tomto odbore na Slovensku.","og_url":"https:\/\/www.ssaki.eu\/?page_id=3916988","og_site_name":"Slovensk\u00e1 spolo\u010dnos\u0165 alergol\u00f3gie a klinickej imunol\u00f3gie","article_publisher":"https:\/\/www.facebook.com\/alergologoviaimunologoviaSK","article_modified_time":"2025-05-25T21:12:37+00:00","og_image":[{"width":640,"height":360,"url":"https:\/\/www.ssaki.eu\/wp-content\/uploads\/2021\/01\/STOP_COVID_SSAKI-e1609772027682.png","type":"image\/png"}],"twitter_card":"summary_large_image","twitter_misc":{"Predpokladan\u00fd \u010das \u010d\u00edtania":"3 min\u00faty"},"schema":{"@context":"https:\/\/schema.org","@graph":[{"@type":["WebPage","MedicalWebPage"],"@id":"https:\/\/www.ssaki.eu\/?page_id=3916988","url":"https:\/\/www.ssaki.eu\/?page_id=3916988","name":"Zo z\u00e1pisnice z 23.5.2025 - Slovensk\u00e1 spolo\u010dnos\u0165 alergol\u00f3gie a klinickej imunol\u00f3gie","isPartOf":{"@id":"https:\/\/www.ssaki.eu\/#website"},"datePublished":"2025-05-25T21:07:09+00:00","dateModified":"2025-05-25T21:12:37+00:00","description":"Sme odborn\u00e1 splo\u010dnos\u0165, ktor\u00e1 zdru\u017euje klinick\u00fdch imunol\u00f3gov a alergol\u00f3gov, ako aj in\u00fdch odborn\u00edkov so z\u00e1ujmom o tento odbor. Na\u0161a spolo\u010dnos\u0165 je hlavn\u00fdm organiz\u00e1torom kontunu\u00e1lneho vzdel\u00e1vania v tomto odbore na Slovensku.","breadcrumb":{"@id":"https:\/\/www.ssaki.eu\/?page_id=3916988#breadcrumb"},"inLanguage":"sk-SK","potentialAction":[{"@type":"ReadAction","target":["https:\/\/www.ssaki.eu\/?page_id=3916988"]}]},{"@type":"BreadcrumbList","@id":"https:\/\/www.ssaki.eu\/?page_id=3916988#breadcrumb","itemListElement":[{"@type":"ListItem","position":1,"name":"Domovsk\u00e1 str\u00e1nka","item":"https:\/\/www.ssaki.eu\/"},{"@type":"ListItem","position":2,"name":"Zo z\u00e1pisnice z 23.5.2025"}]},{"@type":"WebSite","@id":"https:\/\/www.ssaki.eu\/#website","url":"https:\/\/www.ssaki.eu\/","name":"Slovensk\u00e1 spolo\u010dnos\u0165 alergol\u00f3gie a klinickej imunol\u00f3gie","description":"","publisher":{"@id":"https:\/\/www.ssaki.eu\/#organization"},"potentialAction":[{"@type":"SearchAction","target":{"@type":"EntryPoint","urlTemplate":"https:\/\/www.ssaki.eu\/?s={search_term_string}"},"query-input":{"@type":"PropertyValueSpecification","valueRequired":true,"valueName":"search_term_string"}}],"inLanguage":"sk-SK"},{"@type":"Organization","@id":"https:\/\/www.ssaki.eu\/#organization","name":"Slovensk\u00e1 spolo\u010dnos\u0165 alergol\u00f3gie a klinickej imunol\u00f3gie","url":"https:\/\/www.ssaki.eu\/","logo":{"@type":"ImageObject","inLanguage":"sk-SK","@id":"https:\/\/www.ssaki.eu\/#\/schema\/logo\/image\/","url":"https:\/\/www.ssaki.eu\/wp-content\/uploads\/2021\/01\/LOGO-1.png","contentUrl":"https:\/\/www.ssaki.eu\/wp-content\/uploads\/2021\/01\/LOGO-1.png","width":1280,"height":720,"caption":"Slovensk\u00e1 spolo\u010dnos\u0165 alergol\u00f3gie a klinickej imunol\u00f3gie"},"image":{"@id":"https:\/\/www.ssaki.eu\/#\/schema\/logo\/image\/"},"sameAs":["https:\/\/www.facebook.com\/alergologoviaimunologoviaSK"]}]}},"_links":{"self":[{"href":"https:\/\/www.ssaki.eu\/index.php?rest_route=\/wp\/v2\/pages\/3916988","targetHints":{"allow":["GET"]}}],"collection":[{"href":"https:\/\/www.ssaki.eu\/index.php?rest_route=\/wp\/v2\/pages"}],"about":[{"href":"https:\/\/www.ssaki.eu\/index.php?rest_route=\/wp\/v2\/types\/page"}],"author":[{"embeddable":true,"href":"https:\/\/www.ssaki.eu\/index.php?rest_route=\/wp\/v2\/users\/1"}],"replies":[{"embeddable":true,"href":"https:\/\/www.ssaki.eu\/index.php?rest_route=%2Fwp%2Fv2%2Fcomments&post=3916988"}],"version-history":[{"count":2,"href":"https:\/\/www.ssaki.eu\/index.php?rest_route=\/wp\/v2\/pages\/3916988\/revisions"}],"predecessor-version":[{"id":3916991,"href":"https:\/\/www.ssaki.eu\/index.php?rest_route=\/wp\/v2\/pages\/3916988\/revisions\/3916991"}],"wp:attachment":[{"href":"https:\/\/www.ssaki.eu\/index.php?rest_route=%2Fwp%2Fv2%2Fmedia&parent=3916988"}],"curies":[{"name":"wp","href":"https:\/\/api.w.org\/{rel}","templated":true}]}}