{"id":800318,"date":"2015-09-06T22:36:00","date_gmt":"2015-09-06T20:36:00","guid":{"rendered":"http:\/\/www.ssaki.eu\/?page_id=800318"},"modified":"2015-09-06T22:53:38","modified_gmt":"2015-09-06T20:53:38","slug":"zo-zapisnice-z-4-9-2015","status":"publish","type":"page","link":"https:\/\/www.ssaki.eu\/?page_id=800318","title":{"rendered":"Zo z\u00e1pisnice z 4.9.2015"},"content":{"rendered":"<p><b>Z\u00e1pisnica zo zasadania v\u00fdboru a\u00a0poradn\u00e9ho zboru hlavn\u00e9ho odborn\u00edka\u00a0 KIA\u00a0<\/b><b>4-5.septembra 2015 v\u00a0Modre \u2013Harm\u00f3nii<\/b><\/p>\n<p>Pr\u00edtomn\u00ed :Vrl\u00edk, Petriskov\u00e1, Hrubi\u0161ko, \u010ci\u017en\u00e1r, Dzurillov\u00e1, Koss\u00e1rov\u00e1, Kov\u00e1\u010dov\u00e1, Barlov\u00e1, Lap\u0161ansk\u00e1, Hochmuth, Mikler, Ko\u0161turiak, Michali\u010dkov\u00e1<\/p>\n<p>Ospravedlnen\u00ed: Pru\u017einec, Schvalbov\u00e1<\/p>\n<p>Program:<\/p>\n<p>I.Kongres SSAKI<\/p>\n<p>Ing. Petriskov\u00e1 informovala\u00a0 o\u00a0odbornom programe kongresu- zostava predn\u00e1\u0161ok a\u00a0postrov<\/p>\n<p>&#8211; Presnenie\u00a0 obsahu\u00a0 a\u00a0z\u00e1ver jednotliv\u00fdch sekci\u00ed ,\u010dasov\u00e9 limity -odosla\u0165 p\u00edsomne \u010do v\u00a0najkrat\u0161om \u010dasovom limite Ing. Petriskovej<\/p>\n<p>&#8211; Dr.Koss\u00e1rov\u00e1\u00a0 zist\u00ed presn\u00fd n\u00e1zov \u00favodn\u00fdch predn\u00e1\u0161ok od Prof. \u0160edivej a\u00a0Dr.Fuchsa<\/p>\n<p>&#8211; Predsedovia sekci\u00ed maj\u00fa \u00a0p\u00edsomne informova\u0165 predn\u00e1\u0161aj\u00facich o\u00a0\u010dase a\u00a0trvan\u00ed ich predn\u00e1\u0161ok \u00a0,poskytn\u00fa\u0165 ofici\u00e1lne poz\u00fdvanie vyzvan\u00fdm predn\u00e1\u0161ate\u013eom , ktor\u00fdm sa odpust\u00ed kongresov\u00fd poplatok<br \/>\n&#8211; Postgradu\u00e1l v\u00a0sobotu od 8,30- spresni\u0165\u00a0 t\u00e9my a\u00a0\u010dasov\u00e9 limity<br \/>\n&#8211; V\u00a0r\u00e1mci kongresu nie je\u00a0 dovolen\u00e9 uv\u00e1dza\u0165 n\u00e1zov lieku\u00a0 v\u00a0n\u00e1zve predn\u00e1\u0161ky<br \/>\n&#8211; Prihl\u00e1sen\u00fdch postrov je 29 ks, diskusia k\u00a0postrom bude denne od 12,30 do 13,30hod.<br \/>\n&#8211; Posledn\u00fd term\u00edn odoslania abstrakt je do \u00a0\u00a011.9.2015<br \/>\n&#8211; V\u00a0r\u00e1mci kongresu sa uskuto\u010dn\u00ed sekcia sestier\u00a0\u00a0 , Doc. Vrl\u00edk bude informova\u0165 \u0161t\u00e1tne\u00a0 in\u0161tit\u00facie-FN, NSP , Komoru sestier, aby vyslali sestry na \u010fal\u0161ie vzdel\u00e1vanie .Akcia\u00a0 bude akreditovan\u00e1\u00a0 rovnak\u00fdm po\u010dtom bodov aj pre sestry<br \/>\n&#8211; Spolo\u010densk\u00fd program zabezpe\u010duje \u00a0prof. Pru\u017einec<br \/>\n&#8211; \u0160tvrtok je zasadnutie v\u00fdborov SSAKI a\u00a0\u010cSAKI\u00a0 &#8211; pozv\u00e1nky \u010dlenovia v\u00fdboru dostan\u00fa pri registr\u00e1cii \u2013 zabezpe\u010d\u00ed\u00a0\u00a0 Schvalbov\u00e1<br \/>\n&#8211; Nov\u00e9 informa\u010dn\u00e9 \u00a0video o\u00a0\u017diline zabezpe\u010d\u00ed Pru\u017einec (ev. Koss\u00e1rov\u00e1) ako aj kongresov\u00e9 ta\u0161ky<\/p>\n<p>II. Odborn\u00e1 \u00a0predn\u00e1\u0161ka \u00a0o\u00a0immunomodula\u010dnom potravinovom doplnku\u00a0 p4H \u2013 Pharm Dr.Kulich<\/p>\n<p>III. R\u00f4zne:<\/p>\n<p>&#8211; Doc. \u010cizn\u00e1r navrhuje, vzh\u013eadom k po\u017eiadavk\u00e1m z praxe, tak\u00e9 zmeny v\u00a0\u0161koliacom syst\u00e9me pediatrov- adeptov na atesta\u010dn\u00fa sk\u00fa\u0161ku z\u00a0KIA-, aby mohli by\u0165 sk\u00fa\u0161an\u00ed na \u00fazem\u00ed SR. V\u00fdbor zav\u00e4zuje Prof. Pru\u017einca na jednanie s MZSR a s \u010fal\u0161\u00edmi dotknut\u00fdmi in\u0161tit\u00faciami o zabezpe\u010den\u00ed legislat\u00edvnych zmien, ktor\u00fdch cie\u013eom je, aby adeptom na atesta\u010dn\u00fa sk\u00fa\u0161ku v odbore KIA po pr\u00edslu\u0161nej pr\u00edprave, \u00a0mohol by\u0165 nielen absolvent internistick\u00e9ho kme\u0148a (resp. atest\u00e1cie), ale aj absolvent pediatrick\u00e9ho kme\u0148a (resp. atest\u00e1cie).<\/p>\n<p>&#8211; Doc.Hrubi\u0161ko \u2013 hovoril o\u00a0probl\u00e9me pod\u00e1vania IVIG\u00a0 pacientom s\u00a0IDS \u2013 rozhodnutie\u00a0 v\u00fdboru a\u00a0poradn\u00e9ho zboru :pripravi\u0165 farmakoekonomick\u00fd\u00a0 rozbor pre z\u00e1va\u017enos\u0165 \u00a0tohto probl\u00e9mu .Posun\u00fa\u0165 na MZSR, kde bol zru\u0161en\u00fd \u0161tat\u00fat stacion\u00e1ra pri NSP, ambulanci\u00e1ch a\u00a0FN- s\u00a0\u00faradn\u00edckym rozhodnut\u00ed. Navrhn\u00fa\u0165 potrebn\u00e9 zmeny na person\u00e1lne zabezpe\u010denie t\u00fdchto l\u00f4\u017eok. Mo\u017enosti\u00a0 vyu\u017eite\u013enosti pre\u00a0 odbor KIA\u00a0 je nielen pod\u00e1vanie IVIG, ale \u010fal\u0161ie vy\u0161etrenia a o\u0161etrenia ako:\u00a0 potravinov\u00e9 testy(DBPCFC) , liekov\u00e9 testy pri liekovej alergii , pod\u00e1vanie biologickej lie\u010dby, at\u010f.<br \/>\n&#8211; Dr.Mikler predlo\u017eil n\u00e1vrh na eduk\u00e1ciu o\u00a0anafylaxii v\u00a0pred\u0161kolsk\u00fdch a\u00a0\u0161kolsk\u00fdch zariadeniach<\/p>\n<p>&#8211; V\u00fdbor SSAKI \u00a0vst\u00fapi do rokovania s\u00a0M\u0160-SR, aby\u00a0 tieto predn\u00e1\u0161ky\u00a0 boli zaraden\u00e9 do programu \u0160kola podporuj\u00faca zdravie. Z\u00e1ujem o\u00a0vykon\u00e1vanie predn\u00e1\u0161kovej \u010dinnosti a\u00a0eduk\u00e1cie o\u00a0anafylaxii doteraz prejavili\u00a0 Dr.Mikler , Dr.Koss\u00e1rov\u00e1,Dr.Kme\u010dov\u00e1.<\/p>\n<p>V\u00fdbor SSAKI uklad\u00e1 Prof. MUDr. Petrovi Pru\u017eincovi\u00a0 CSc dorie\u0161i\u0165\u00a0 naplnenie bodu 6,\u00a7 40, z\u00e1kona 578\/2004 Z.z., ktor\u00fd znie: \u00a0\u201e Ak \u0161tudijn\u00fd program zah\u0155\u0148a aj z\u00edskanie praktick\u00fdch zru\u010dnost\u00ed, ktor\u00e9 vzdel\u00e1vacia ustanovize\u0148 nem\u00f4\u017ee zabezpe\u010di\u0165 na vlastnom pracovisku, podmienkou akredit\u00e1cie je aj <span style=\"text-decoration: underline;\">predlo\u017eenie dohody vzdel\u00e1vacej ustanovizne s inou in\u0161tit\u00faciou<\/span> o zabezpe\u010den\u00ed zodpovedaj\u00facich materi\u00e1lno &#8211; technick\u00fdch a person\u00e1lnych podmienok na z\u00edskanie potrebn\u00fdch praktick\u00fdch zru\u010dnost\u00ed na v\u00fdkon pr\u00edslu\u0161n\u00fdch pracovn\u00fdch \u010dinnost\u00ed pre ka\u017ed\u00e9ho \u00fa\u010dastn\u00edka \u0161tudijn\u00e9ho programu pod\u013ea pedagogickej dokument\u00e1cie.\u201c<\/p>\n<p>N\u00e1vrh textov\u00e9ho znenia \u00a0zmluvy \u00a0\/ pr\u00edloha z\u00e1pisnice\/ je potrebn\u00e9 prerokova\u0165 s\u00a0dekanom SZ\u00da Prof.MUDr. Tiborom \u0160ag\u00e1tom CSc.<\/p>\n<p>Po \u00a0ods\u00fahlasen\u00ed textu zmluvy \u00a0zabezpe\u010d\u00ed\u00a0 Dzurillov\u00e1 jej distrib\u00faciu jednotliv\u00fdm pracovisk\u00e1m, ktor\u00e9 ju po doplnen\u00ed svojich identifika\u010dn\u00fdch \u00fadajov odo\u0161l\u00fa na katedru KIA SZ\u00da na podpis.<\/p>\n<p>Zap\u00edsala MUDr.Kl\u00e1ra Koss\u00e1rov\u00e1<\/p>\n<p>&nbsp;<\/p>\n","protected":false},"excerpt":{"rendered":"<p>Z\u00e1pisnica zo zasadania v\u00fdboru a\u00a0poradn\u00e9ho zboru hlavn\u00e9ho odborn\u00edka\u00a0 KIA\u00a04-5.septembra 2015 v\u00a0Modre \u2013Harm\u00f3nii Pr\u00edtomn\u00ed :Vrl\u00edk, Petriskov\u00e1, Hrubi\u0161ko, \u010ci\u017en\u00e1r, Dzurillov\u00e1, Koss\u00e1rov\u00e1, Kov\u00e1\u010dov\u00e1, Barlov\u00e1, Lap\u0161ansk\u00e1, Hochmuth, Mikler, Ko\u0161turiak, Michali\u010dkov\u00e1 Ospravedlnen\u00ed: Pru\u017einec, Schvalbov\u00e1 Program: I.Kongres SSAKI Ing. Petriskov\u00e1&#46;&#46;&#46;<\/p>\n","protected":false},"author":1,"featured_media":0,"parent":19,"menu_order":0,"comment_status":"closed","ping_status":"closed","template":"","meta":{"footnotes":""},"class_list":["post-800318","page","type-page","status-publish","hentry"],"yoast_head":"<!-- This site is optimized with the Yoast SEO plugin v27.4 - https:\/\/yoast.com\/product\/yoast-seo-wordpress\/ -->\n<title>Zo z\u00e1pisnice z 4.9.2015 - Slovensk\u00e1 spolo\u010dnos\u0165 alergol\u00f3gie a klinickej imunol\u00f3gie<\/title>\n<meta name=\"description\" content=\"Sme odborn\u00e1 splo\u010dnos\u0165, ktor\u00e1 zdru\u017euje klinick\u00fdch imunol\u00f3gov a alergol\u00f3gov, ako aj in\u00fdch odborn\u00edkov so z\u00e1ujmom o tento odbor. Na\u0161a spolo\u010dnos\u0165 je hlavn\u00fdm organiz\u00e1torom kontunu\u00e1lneho vzdel\u00e1vania v tomto odbore na Slovensku.\" \/>\n<meta name=\"robots\" content=\"index, follow, max-snippet:-1, max-image-preview:large, max-video-preview:-1\" \/>\n<link rel=\"canonical\" href=\"https:\/\/www.ssaki.eu\/?page_id=800318\" \/>\n<meta property=\"og:locale\" content=\"sk_SK\" \/>\n<meta property=\"og:type\" content=\"article\" \/>\n<meta property=\"og:title\" content=\"Zo z\u00e1pisnice z 4.9.2015 - Slovensk\u00e1 spolo\u010dnos\u0165 alergol\u00f3gie a klinickej imunol\u00f3gie\" \/>\n<meta property=\"og:description\" content=\"Sme odborn\u00e1 splo\u010dnos\u0165, ktor\u00e1 zdru\u017euje klinick\u00fdch imunol\u00f3gov a alergol\u00f3gov, ako aj in\u00fdch odborn\u00edkov so z\u00e1ujmom o tento odbor. Na\u0161a spolo\u010dnos\u0165 je hlavn\u00fdm organiz\u00e1torom kontunu\u00e1lneho vzdel\u00e1vania v tomto odbore na Slovensku.\" \/>\n<meta property=\"og:url\" content=\"https:\/\/www.ssaki.eu\/?page_id=800318\" \/>\n<meta property=\"og:site_name\" content=\"Slovensk\u00e1 spolo\u010dnos\u0165 alergol\u00f3gie a klinickej imunol\u00f3gie\" \/>\n<meta property=\"article:publisher\" content=\"https:\/\/www.facebook.com\/alergologoviaimunologoviaSK\" \/>\n<meta property=\"article:modified_time\" content=\"2015-09-06T20:53:38+00:00\" \/>\n<meta property=\"og:image\" content=\"https:\/\/www.ssaki.eu\/wp-content\/uploads\/2021\/01\/STOP_COVID_SSAKI-e1609772027682.png\" \/>\n\t<meta property=\"og:image:width\" content=\"640\" \/>\n\t<meta property=\"og:image:height\" content=\"360\" \/>\n\t<meta property=\"og:image:type\" content=\"image\/png\" \/>\n<meta name=\"twitter:card\" content=\"summary_large_image\" \/>\n<meta name=\"twitter:label1\" content=\"Predpokladan\u00fd \u010das \u010d\u00edtania\" \/>\n\t<meta name=\"twitter:data1\" content=\"4 min\u00faty\" \/>\n<script type=\"application\/ld+json\" class=\"yoast-schema-graph\">{\"@context\":\"https:\\\/\\\/schema.org\",\"@graph\":[{\"@type\":[\"WebPage\",\"MedicalWebPage\"],\"@id\":\"https:\\\/\\\/www.ssaki.eu\\\/?page_id=800318\",\"url\":\"https:\\\/\\\/www.ssaki.eu\\\/?page_id=800318\",\"name\":\"Zo z\u00e1pisnice z 4.9.2015 - Slovensk\u00e1 spolo\u010dnos\u0165 alergol\u00f3gie a klinickej imunol\u00f3gie\",\"isPartOf\":{\"@id\":\"https:\\\/\\\/www.ssaki.eu\\\/#website\"},\"datePublished\":\"2015-09-06T20:36:00+00:00\",\"dateModified\":\"2015-09-06T20:53:38+00:00\",\"description\":\"Sme odborn\u00e1 splo\u010dnos\u0165, ktor\u00e1 zdru\u017euje klinick\u00fdch imunol\u00f3gov a alergol\u00f3gov, ako aj in\u00fdch odborn\u00edkov so z\u00e1ujmom o tento odbor. Na\u0161a spolo\u010dnos\u0165 je hlavn\u00fdm organiz\u00e1torom kontunu\u00e1lneho vzdel\u00e1vania v tomto odbore na Slovensku.\",\"breadcrumb\":{\"@id\":\"https:\\\/\\\/www.ssaki.eu\\\/?page_id=800318#breadcrumb\"},\"inLanguage\":\"sk-SK\",\"potentialAction\":[{\"@type\":\"ReadAction\",\"target\":[\"https:\\\/\\\/www.ssaki.eu\\\/?page_id=800318\"]}]},{\"@type\":\"BreadcrumbList\",\"@id\":\"https:\\\/\\\/www.ssaki.eu\\\/?page_id=800318#breadcrumb\",\"itemListElement\":[{\"@type\":\"ListItem\",\"position\":1,\"name\":\"Domovsk\u00e1 str\u00e1nka\",\"item\":\"https:\\\/\\\/www.ssaki.eu\\\/\"},{\"@type\":\"ListItem\",\"position\":2,\"name\":\"V\u00fdbor spolo\u010dnosti\",\"item\":\"https:\\\/\\\/www.ssaki.eu\\\/?page_id=11\"},{\"@type\":\"ListItem\",\"position\":3,\"name\":\"Zo z\u00e1pisn\u00edc\",\"item\":\"https:\\\/\\\/www.ssaki.eu\\\/?page_id=19\"},{\"@type\":\"ListItem\",\"position\":4,\"name\":\"Zo z\u00e1pisnice z 4.9.2015\"}]},{\"@type\":\"WebSite\",\"@id\":\"https:\\\/\\\/www.ssaki.eu\\\/#website\",\"url\":\"https:\\\/\\\/www.ssaki.eu\\\/\",\"name\":\"Slovensk\u00e1 spolo\u010dnos\u0165 alergol\u00f3gie a klinickej imunol\u00f3gie\",\"description\":\"\",\"publisher\":{\"@id\":\"https:\\\/\\\/www.ssaki.eu\\\/#organization\"},\"potentialAction\":[{\"@type\":\"SearchAction\",\"target\":{\"@type\":\"EntryPoint\",\"urlTemplate\":\"https:\\\/\\\/www.ssaki.eu\\\/?s={search_term_string}\"},\"query-input\":{\"@type\":\"PropertyValueSpecification\",\"valueRequired\":true,\"valueName\":\"search_term_string\"}}],\"inLanguage\":\"sk-SK\"},{\"@type\":\"Organization\",\"@id\":\"https:\\\/\\\/www.ssaki.eu\\\/#organization\",\"name\":\"Slovensk\u00e1 spolo\u010dnos\u0165 alergol\u00f3gie a klinickej imunol\u00f3gie\",\"url\":\"https:\\\/\\\/www.ssaki.eu\\\/\",\"logo\":{\"@type\":\"ImageObject\",\"inLanguage\":\"sk-SK\",\"@id\":\"https:\\\/\\\/www.ssaki.eu\\\/#\\\/schema\\\/logo\\\/image\\\/\",\"url\":\"https:\\\/\\\/www.ssaki.eu\\\/wp-content\\\/uploads\\\/2021\\\/01\\\/LOGO-1.png\",\"contentUrl\":\"https:\\\/\\\/www.ssaki.eu\\\/wp-content\\\/uploads\\\/2021\\\/01\\\/LOGO-1.png\",\"width\":1280,\"height\":720,\"caption\":\"Slovensk\u00e1 spolo\u010dnos\u0165 alergol\u00f3gie a klinickej imunol\u00f3gie\"},\"image\":{\"@id\":\"https:\\\/\\\/www.ssaki.eu\\\/#\\\/schema\\\/logo\\\/image\\\/\"},\"sameAs\":[\"https:\\\/\\\/www.facebook.com\\\/alergologoviaimunologoviaSK\"]}]}<\/script>\n<!-- \/ Yoast SEO plugin. -->","yoast_head_json":{"title":"Zo z\u00e1pisnice z 4.9.2015 - Slovensk\u00e1 spolo\u010dnos\u0165 alergol\u00f3gie a klinickej imunol\u00f3gie","description":"Sme odborn\u00e1 splo\u010dnos\u0165, ktor\u00e1 zdru\u017euje klinick\u00fdch imunol\u00f3gov a alergol\u00f3gov, ako aj in\u00fdch odborn\u00edkov so z\u00e1ujmom o tento odbor. Na\u0161a spolo\u010dnos\u0165 je hlavn\u00fdm organiz\u00e1torom kontunu\u00e1lneho vzdel\u00e1vania v tomto odbore na Slovensku.","robots":{"index":"index","follow":"follow","max-snippet":"max-snippet:-1","max-image-preview":"max-image-preview:large","max-video-preview":"max-video-preview:-1"},"canonical":"https:\/\/www.ssaki.eu\/?page_id=800318","og_locale":"sk_SK","og_type":"article","og_title":"Zo z\u00e1pisnice z 4.9.2015 - Slovensk\u00e1 spolo\u010dnos\u0165 alergol\u00f3gie a klinickej imunol\u00f3gie","og_description":"Sme odborn\u00e1 splo\u010dnos\u0165, ktor\u00e1 zdru\u017euje klinick\u00fdch imunol\u00f3gov a alergol\u00f3gov, ako aj in\u00fdch odborn\u00edkov so z\u00e1ujmom o tento odbor. Na\u0161a spolo\u010dnos\u0165 je hlavn\u00fdm organiz\u00e1torom kontunu\u00e1lneho vzdel\u00e1vania v tomto odbore na Slovensku.","og_url":"https:\/\/www.ssaki.eu\/?page_id=800318","og_site_name":"Slovensk\u00e1 spolo\u010dnos\u0165 alergol\u00f3gie a klinickej imunol\u00f3gie","article_publisher":"https:\/\/www.facebook.com\/alergologoviaimunologoviaSK","article_modified_time":"2015-09-06T20:53:38+00:00","og_image":[{"width":640,"height":360,"url":"https:\/\/www.ssaki.eu\/wp-content\/uploads\/2021\/01\/STOP_COVID_SSAKI-e1609772027682.png","type":"image\/png"}],"twitter_card":"summary_large_image","twitter_misc":{"Predpokladan\u00fd \u010das \u010d\u00edtania":"4 min\u00faty"},"schema":{"@context":"https:\/\/schema.org","@graph":[{"@type":["WebPage","MedicalWebPage"],"@id":"https:\/\/www.ssaki.eu\/?page_id=800318","url":"https:\/\/www.ssaki.eu\/?page_id=800318","name":"Zo z\u00e1pisnice z 4.9.2015 - Slovensk\u00e1 spolo\u010dnos\u0165 alergol\u00f3gie a klinickej imunol\u00f3gie","isPartOf":{"@id":"https:\/\/www.ssaki.eu\/#website"},"datePublished":"2015-09-06T20:36:00+00:00","dateModified":"2015-09-06T20:53:38+00:00","description":"Sme odborn\u00e1 splo\u010dnos\u0165, ktor\u00e1 zdru\u017euje klinick\u00fdch imunol\u00f3gov a alergol\u00f3gov, ako aj in\u00fdch odborn\u00edkov so z\u00e1ujmom o tento odbor. Na\u0161a spolo\u010dnos\u0165 je hlavn\u00fdm organiz\u00e1torom kontunu\u00e1lneho vzdel\u00e1vania v tomto odbore na Slovensku.","breadcrumb":{"@id":"https:\/\/www.ssaki.eu\/?page_id=800318#breadcrumb"},"inLanguage":"sk-SK","potentialAction":[{"@type":"ReadAction","target":["https:\/\/www.ssaki.eu\/?page_id=800318"]}]},{"@type":"BreadcrumbList","@id":"https:\/\/www.ssaki.eu\/?page_id=800318#breadcrumb","itemListElement":[{"@type":"ListItem","position":1,"name":"Domovsk\u00e1 str\u00e1nka","item":"https:\/\/www.ssaki.eu\/"},{"@type":"ListItem","position":2,"name":"V\u00fdbor spolo\u010dnosti","item":"https:\/\/www.ssaki.eu\/?page_id=11"},{"@type":"ListItem","position":3,"name":"Zo z\u00e1pisn\u00edc","item":"https:\/\/www.ssaki.eu\/?page_id=19"},{"@type":"ListItem","position":4,"name":"Zo z\u00e1pisnice z 4.9.2015"}]},{"@type":"WebSite","@id":"https:\/\/www.ssaki.eu\/#website","url":"https:\/\/www.ssaki.eu\/","name":"Slovensk\u00e1 spolo\u010dnos\u0165 alergol\u00f3gie a klinickej imunol\u00f3gie","description":"","publisher":{"@id":"https:\/\/www.ssaki.eu\/#organization"},"potentialAction":[{"@type":"SearchAction","target":{"@type":"EntryPoint","urlTemplate":"https:\/\/www.ssaki.eu\/?s={search_term_string}"},"query-input":{"@type":"PropertyValueSpecification","valueRequired":true,"valueName":"search_term_string"}}],"inLanguage":"sk-SK"},{"@type":"Organization","@id":"https:\/\/www.ssaki.eu\/#organization","name":"Slovensk\u00e1 spolo\u010dnos\u0165 alergol\u00f3gie a klinickej imunol\u00f3gie","url":"https:\/\/www.ssaki.eu\/","logo":{"@type":"ImageObject","inLanguage":"sk-SK","@id":"https:\/\/www.ssaki.eu\/#\/schema\/logo\/image\/","url":"https:\/\/www.ssaki.eu\/wp-content\/uploads\/2021\/01\/LOGO-1.png","contentUrl":"https:\/\/www.ssaki.eu\/wp-content\/uploads\/2021\/01\/LOGO-1.png","width":1280,"height":720,"caption":"Slovensk\u00e1 spolo\u010dnos\u0165 alergol\u00f3gie a klinickej imunol\u00f3gie"},"image":{"@id":"https:\/\/www.ssaki.eu\/#\/schema\/logo\/image\/"},"sameAs":["https:\/\/www.facebook.com\/alergologoviaimunologoviaSK"]}]}},"_links":{"self":[{"href":"https:\/\/www.ssaki.eu\/index.php?rest_route=\/wp\/v2\/pages\/800318","targetHints":{"allow":["GET"]}}],"collection":[{"href":"https:\/\/www.ssaki.eu\/index.php?rest_route=\/wp\/v2\/pages"}],"about":[{"href":"https:\/\/www.ssaki.eu\/index.php?rest_route=\/wp\/v2\/types\/page"}],"author":[{"embeddable":true,"href":"https:\/\/www.ssaki.eu\/index.php?rest_route=\/wp\/v2\/users\/1"}],"replies":[{"embeddable":true,"href":"https:\/\/www.ssaki.eu\/index.php?rest_route=%2Fwp%2Fv2%2Fcomments&post=800318"}],"version-history":[{"count":6,"href":"https:\/\/www.ssaki.eu\/index.php?rest_route=\/wp\/v2\/pages\/800318\/revisions"}],"predecessor-version":[{"id":800325,"href":"https:\/\/www.ssaki.eu\/index.php?rest_route=\/wp\/v2\/pages\/800318\/revisions\/800325"}],"up":[{"embeddable":true,"href":"https:\/\/www.ssaki.eu\/index.php?rest_route=\/wp\/v2\/pages\/19"}],"wp:attachment":[{"href":"https:\/\/www.ssaki.eu\/index.php?rest_route=%2Fwp%2Fv2%2Fmedia&parent=800318"}],"curies":[{"name":"wp","href":"https:\/\/api.w.org\/{rel}","templated":true}]}}